{"id":1535,"date":"2024-04-22T09:01:46","date_gmt":"2024-04-22T07:01:46","guid":{"rendered":"https:\/\/alpenhof-wolayersee.at\/culinarium\/"},"modified":"2024-10-22T13:48:11","modified_gmt":"2024-10-22T11:48:11","slug":"culinarium","status":"publish","type":"page","link":"https:\/\/alpenhof-wolayersee.at\/en\/culinarium\/","title":{"rendered":"Culinarium"},"content":{"rendered":"\t\t<div data-elementor-type=\"wp-page\" data-elementor-id=\"1535\" class=\"elementor elementor-1535 elementor-700\" data-elementor-post-type=\"page\">\n\t\t\t\t<div class=\"elementor-element elementor-element-d70f716 e-con-full e-flex e-con e-parent\" data-id=\"d70f716\" data-element_type=\"container\" data-e-type=\"container\">\n\t\t\t\t<div class=\"elementor-element elementor-element-e56a24d elementor-widget elementor-widget-image-carousel\" data-id=\"e56a24d\" data-element_type=\"widget\" data-e-type=\"widget\" data-settings=\"{&quot;slides_to_show&quot;:&quot;5&quot;,&quot;navigation&quot;:&quot;none&quot;,&quot;slides_to_show_tablet&quot;:&quot;3&quot;,&quot;autoplay_speed&quot;:4000,&quot;autoplay&quot;:&quot;yes&quot;,&quot;pause_on_hover&quot;:&quot;yes&quot;,&quot;pause_on_interaction&quot;:&quot;yes&quot;,&quot;infinite&quot;:&quot;yes&quot;,&quot;speed&quot;:500,&quot;image_spacing_custom&quot;:{&quot;unit&quot;:&quot;px&quot;,&quot;size&quot;:20,&quot;sizes&quot;:[]},&quot;image_spacing_custom_tablet&quot;:{&quot;unit&quot;:&quot;px&quot;,&quot;size&quot;:&quot;&quot;,&quot;sizes&quot;:[]},&quot;image_spacing_custom_mobile&quot;:{&quot;unit&quot;:&quot;px&quot;,&quot;size&quot;:&quot;&quot;,&quot;sizes&quot;:[]}}\" data-widget_type=\"image-carousel.default\">\n\t\t\t\t<div class=\"elementor-widget-container\">\n\t\t\t\t\t\t\t<div class=\"elementor-image-carousel-wrapper swiper\" role=\"region\" aria-roledescription=\"carousel\" aria-label=\"Image Carousel\" dir=\"ltr\">\n\t\t\t<div class=\"elementor-image-carousel swiper-wrapper\" aria-live=\"off\">\n\t\t\t\t\t\t\t\t<div class=\"swiper-slide\" role=\"group\" aria-roledescription=\"slide\" aria-label=\"1 of 13\"><a data-elementor-open-lightbox=\"yes\" data-elementor-lightbox-slideshow=\"e56a24d\" data-e-action-hash=\"#elementor-action%3Aaction%3Dlightbox%26settings%3DeyJpZCI6MTkwNywidXJsIjoiaHR0cHM6XC9cL2FscGVuaG9mLXdvbGF5ZXJzZWUuYXRcL3dwLWNvbnRlbnRcL3VwbG9hZHNcL1N0YWJlbnRoZWluZXItMTEwLndlYnAiLCJzbGlkZXNob3ciOiJlNTZhMjRkIn0%3D\" href=\"https:\/\/alpenhof-wolayersee.at\/wp-content\/uploads\/Stabentheiner-110.webp\"><figure class=\"swiper-slide-inner\"><img decoding=\"async\" class=\"swiper-slide-image\" src=\"https:\/\/alpenhof-wolayersee.at\/wp-content\/uploads\/Stabentheiner-110-768x513.webp\" alt=\"Unser Speisesaal am Abend\" \/><\/figure><\/a><\/div><div class=\"swiper-slide\" role=\"group\" aria-roledescription=\"slide\" aria-label=\"2 of 13\"><a data-elementor-open-lightbox=\"yes\" data-elementor-lightbox-slideshow=\"e56a24d\" data-e-action-hash=\"#elementor-action%3Aaction%3Dlightbox%26settings%3DeyJpZCI6MTg5MiwidXJsIjoiaHR0cHM6XC9cL2FscGVuaG9mLXdvbGF5ZXJzZWUuYXRcL3dwLWNvbnRlbnRcL3VwbG9hZHNcL1N0YWJlbnRoZWluZXItMTAyLndlYnAiLCJzbGlkZXNob3ciOiJlNTZhMjRkIn0%3D\" href=\"https:\/\/alpenhof-wolayersee.at\/wp-content\/uploads\/Stabentheiner-102.webp\"><figure class=\"swiper-slide-inner\"><img decoding=\"async\" class=\"swiper-slide-image\" src=\"https:\/\/alpenhof-wolayersee.at\/wp-content\/uploads\/Stabentheiner-102-768x513.webp\" alt=\"Unsere Gaststube mit Feuerstelle sorgt f\u00fcr wohlige W\u00e4rme und eine gem\u00fctliche Atmosph\u00e4re.\" \/><\/figure><\/a><\/div><div class=\"swiper-slide\" role=\"group\" aria-roledescription=\"slide\" aria-label=\"3 of 13\"><a data-elementor-open-lightbox=\"yes\" data-elementor-lightbox-slideshow=\"e56a24d\" data-e-action-hash=\"#elementor-action%3Aaction%3Dlightbox%26settings%3DeyJpZCI6MTkwNCwidXJsIjoiaHR0cHM6XC9cL2FscGVuaG9mLXdvbGF5ZXJzZWUuYXRcL3dwLWNvbnRlbnRcL3VwbG9hZHNcL1N0YWJlbnRoZWluZXItMTA5LndlYnAiLCJzbGlkZXNob3ciOiJlNTZhMjRkIn0%3D\" href=\"https:\/\/alpenhof-wolayersee.at\/wp-content\/uploads\/Stabentheiner-109.webp\"><figure class=\"swiper-slide-inner\"><img decoding=\"async\" class=\"swiper-slide-image\" src=\"https:\/\/alpenhof-wolayersee.at\/wp-content\/uploads\/Stabentheiner-109-768x438.webp\" alt=\"Speisesaal am Abend\" \/><\/figure><\/a><\/div><div class=\"swiper-slide\" role=\"group\" aria-roledescription=\"slide\" aria-label=\"4 of 13\"><a data-elementor-open-lightbox=\"yes\" data-elementor-lightbox-slideshow=\"e56a24d\" data-e-action-hash=\"#elementor-action%3Aaction%3Dlightbox%26settings%3DeyJpZCI6MTg5OCwidXJsIjoiaHR0cHM6XC9cL2FscGVuaG9mLXdvbGF5ZXJzZWUuYXRcL3dwLWNvbnRlbnRcL3VwbG9hZHNcL1N0YWJlbnRoZWluZXItMTA0LXNjYWxlZC53ZWJwIiwic2xpZGVzaG93IjoiZTU2YTI0ZCJ9\" href=\"https:\/\/alpenhof-wolayersee.at\/wp-content\/uploads\/Stabentheiner-104-scaled.webp\"><figure class=\"swiper-slide-inner\"><img decoding=\"async\" class=\"swiper-slide-image\" src=\"https:\/\/alpenhof-wolayersee.at\/wp-content\/uploads\/Stabentheiner-104-768x1152.webp\" alt=\"Stabentheiner-104\" \/><\/figure><\/a><\/div><div class=\"swiper-slide\" role=\"group\" aria-roledescription=\"slide\" aria-label=\"5 of 13\"><a data-elementor-open-lightbox=\"yes\" data-elementor-lightbox-slideshow=\"e56a24d\" data-e-action-hash=\"#elementor-action%3Aaction%3Dlightbox%26settings%3DeyJpZCI6MTkwMSwidXJsIjoiaHR0cHM6XC9cL2FscGVuaG9mLXdvbGF5ZXJzZWUuYXRcL3dwLWNvbnRlbnRcL3VwbG9hZHNcL1N0YWJlbnRoZWluZXItMTA4LndlYnAiLCJzbGlkZXNob3ciOiJlNTZhMjRkIn0%3D\" href=\"https:\/\/alpenhof-wolayersee.at\/wp-content\/uploads\/Stabentheiner-108.webp\"><figure class=\"swiper-slide-inner\"><img decoding=\"async\" class=\"swiper-slide-image\" src=\"https:\/\/alpenhof-wolayersee.at\/wp-content\/uploads\/Stabentheiner-108-768x513.webp\" alt=\"Speisesaal am Abend\" \/><\/figure><\/a><\/div><div class=\"swiper-slide\" role=\"group\" aria-roledescription=\"slide\" aria-label=\"6 of 13\"><a data-elementor-open-lightbox=\"yes\" data-elementor-lightbox-slideshow=\"e56a24d\" data-e-action-hash=\"#elementor-action%3Aaction%3Dlightbox%26settings%3DeyJpZCI6MTkxMCwidXJsIjoiaHR0cHM6XC9cL2FscGVuaG9mLXdvbGF5ZXJzZWUuYXRcL3dwLWNvbnRlbnRcL3VwbG9hZHNcL1N0YWJlbnRoZWluZXItMTExLndlYnAiLCJzbGlkZXNob3ciOiJlNTZhMjRkIn0%3D\" href=\"https:\/\/alpenhof-wolayersee.at\/wp-content\/uploads\/Stabentheiner-111.webp\"><figure class=\"swiper-slide-inner\"><img decoding=\"async\" class=\"swiper-slide-image\" src=\"https:\/\/alpenhof-wolayersee.at\/wp-content\/uploads\/Stabentheiner-111-768x513.webp\" alt=\"Unsere Gaststube sorgt f\u00fcr eine gem\u00fctliche Atmosph\u00e4re\" \/><\/figure><\/a><\/div><div class=\"swiper-slide\" role=\"group\" aria-roledescription=\"slide\" aria-label=\"7 of 13\"><a data-elementor-open-lightbox=\"yes\" data-elementor-lightbox-slideshow=\"e56a24d\" data-e-action-hash=\"#elementor-action%3Aaction%3Dlightbox%26settings%3DeyJpZCI6MTkxOSwidXJsIjoiaHR0cHM6XC9cL2FscGVuaG9mLXdvbGF5ZXJzZWUuYXRcL3dwLWNvbnRlbnRcL3VwbG9hZHNcL1N0YWJlbnRoZWluZXItMzIwLndlYnAiLCJzbGlkZXNob3ciOiJlNTZhMjRkIn0%3D\" href=\"https:\/\/alpenhof-wolayersee.at\/wp-content\/uploads\/Stabentheiner-320.webp\"><figure class=\"swiper-slide-inner\"><img decoding=\"async\" class=\"swiper-slide-image\" src=\"https:\/\/alpenhof-wolayersee.at\/wp-content\/uploads\/Stabentheiner-320-768x512.webp\" alt=\"Zum Abendmen\u00fc servieren wir unseren G\u00e4sten im Alpenhof einen guten Tropfen Wein.\" \/><\/figure><\/a><\/div><div class=\"swiper-slide\" role=\"group\" aria-roledescription=\"slide\" aria-label=\"8 of 13\"><a data-elementor-open-lightbox=\"yes\" data-elementor-lightbox-slideshow=\"e56a24d\" data-e-action-hash=\"#elementor-action%3Aaction%3Dlightbox%26settings%3DeyJpZCI6MTkxNiwidXJsIjoiaHR0cHM6XC9cL2FscGVuaG9mLXdvbGF5ZXJzZWUuYXRcL3dwLWNvbnRlbnRcL3VwbG9hZHNcL1N0YWJlbnRoZWluZXItMTEzLndlYnAiLCJzbGlkZXNob3ciOiJlNTZhMjRkIn0%3D\" href=\"https:\/\/alpenhof-wolayersee.at\/wp-content\/uploads\/Stabentheiner-113.webp\"><figure class=\"swiper-slide-inner\"><img decoding=\"async\" class=\"swiper-slide-image\" src=\"https:\/\/alpenhof-wolayersee.at\/wp-content\/uploads\/Stabentheiner-113-768x559.webp\" alt=\"Abends servieren wir f\u00fcr unsere Halbpensionsg\u00e4ste ein herrliches 3-G\u00e4nge-Men\u00fc mit Salatbuffet.\" \/><\/figure><\/a><\/div><div class=\"swiper-slide\" role=\"group\" aria-roledescription=\"slide\" aria-label=\"9 of 13\"><a data-elementor-open-lightbox=\"yes\" data-elementor-lightbox-slideshow=\"e56a24d\" data-e-action-hash=\"#elementor-action%3Aaction%3Dlightbox%26settings%3DeyJpZCI6MTkxMywidXJsIjoiaHR0cHM6XC9cL2FscGVuaG9mLXdvbGF5ZXJzZWUuYXRcL3dwLWNvbnRlbnRcL3VwbG9hZHNcL1N0YWJlbnRoZWluZXItMTEyLndlYnAiLCJzbGlkZXNob3ciOiJlNTZhMjRkIn0%3D\" href=\"https:\/\/alpenhof-wolayersee.at\/wp-content\/uploads\/Stabentheiner-112.webp\"><figure class=\"swiper-slide-inner\"><img decoding=\"async\" class=\"swiper-slide-image\" src=\"https:\/\/alpenhof-wolayersee.at\/wp-content\/uploads\/Stabentheiner-112-768x513.webp\" alt=\"In unserer K\u00fcche im Alpenhof legen wir gr\u00f6\u00dften Wert auf die Verwendung regionaler Produkte.\" \/><\/figure><\/a><\/div><div class=\"swiper-slide\" role=\"group\" aria-roledescription=\"slide\" aria-label=\"10 of 13\"><a data-elementor-open-lightbox=\"yes\" data-elementor-lightbox-slideshow=\"e56a24d\" data-e-action-hash=\"#elementor-action%3Aaction%3Dlightbox%26settings%3DeyJpZCI6MTg5NSwidXJsIjoiaHR0cHM6XC9cL2FscGVuaG9mLXdvbGF5ZXJzZWUuYXRcL3dwLWNvbnRlbnRcL3VwbG9hZHNcL1N0YWJlbnRoZWluZXItMTAzLndlYnAiLCJzbGlkZXNob3ciOiJlNTZhMjRkIn0%3D\" href=\"https:\/\/alpenhof-wolayersee.at\/wp-content\/uploads\/Stabentheiner-103.webp\"><figure class=\"swiper-slide-inner\"><img decoding=\"async\" class=\"swiper-slide-image\" src=\"https:\/\/alpenhof-wolayersee.at\/wp-content\/uploads\/Stabentheiner-103-768x513.webp\" alt=\"Unsere Gaststube mit Feuerstelle sorgt f\u00fcr wohlige W\u00e4rme und eine gem\u00fctliche Atmosph\u00e4re.\" \/><\/figure><\/a><\/div><div class=\"swiper-slide\" role=\"group\" aria-roledescription=\"slide\" aria-label=\"11 of 13\"><a data-elementor-open-lightbox=\"yes\" data-elementor-lightbox-slideshow=\"e56a24d\" data-e-action-hash=\"#elementor-action%3Aaction%3Dlightbox%26settings%3DeyJpZCI6MTg4OSwidXJsIjoiaHR0cHM6XC9cL2FscGVuaG9mLXdvbGF5ZXJzZWUuYXRcL3dwLWNvbnRlbnRcL3VwbG9hZHNcL1N0YWJlbnRoZWluZXItMzgwLndlYnAiLCJzbGlkZXNob3ciOiJlNTZhMjRkIn0%3D\" href=\"https:\/\/alpenhof-wolayersee.at\/wp-content\/uploads\/Stabentheiner-380.webp\"><figure class=\"swiper-slide-inner\"><img decoding=\"async\" class=\"swiper-slide-image\" src=\"https:\/\/alpenhof-wolayersee.at\/wp-content\/uploads\/Stabentheiner-380-768x512.webp\" alt=\"Auch der Au\u00dfenbereich des Alpenhofes l\u00e4dt zum Verweilen ein.\" \/><\/figure><\/a><\/div><div class=\"swiper-slide\" role=\"group\" aria-roledescription=\"slide\" aria-label=\"12 of 13\"><a data-elementor-open-lightbox=\"yes\" data-elementor-lightbox-slideshow=\"e56a24d\" data-e-action-hash=\"#elementor-action%3Aaction%3Dlightbox%26settings%3DeyJpZCI6MTg4NiwidXJsIjoiaHR0cHM6XC9cL2FscGVuaG9mLXdvbGF5ZXJzZWUuYXRcL3dwLWNvbnRlbnRcL3VwbG9hZHNcL1N0YWJlbnRoZWluZXItMzc4LndlYnAiLCJzbGlkZXNob3ciOiJlNTZhMjRkIn0%3D\" href=\"https:\/\/alpenhof-wolayersee.at\/wp-content\/uploads\/Stabentheiner-378.webp\"><figure class=\"swiper-slide-inner\"><img decoding=\"async\" class=\"swiper-slide-image\" src=\"https:\/\/alpenhof-wolayersee.at\/wp-content\/uploads\/Stabentheiner-378-768x512.webp\" alt=\"Auch der Au\u00dfenbereich des Alpenhofes l\u00e4dt zum Verweilen ein.\" \/><\/figure><\/a><\/div><div class=\"swiper-slide\" role=\"group\" aria-roledescription=\"slide\" aria-label=\"13 of 13\"><a data-elementor-open-lightbox=\"yes\" data-elementor-lightbox-slideshow=\"e56a24d\" data-e-action-hash=\"#elementor-action%3Aaction%3Dlightbox%26settings%3DeyJpZCI6MTkyMiwidXJsIjoiaHR0cHM6XC9cL2FscGVuaG9mLXdvbGF5ZXJzZWUuYXRcL3dwLWNvbnRlbnRcL3VwbG9hZHNcL1N0YWJlbnRoZWluZXItMzIzLXNjYWxlZC53ZWJwIiwic2xpZGVzaG93IjoiZTU2YTI0ZCJ9\" href=\"https:\/\/alpenhof-wolayersee.at\/wp-content\/uploads\/Stabentheiner-323-scaled.webp\"><figure class=\"swiper-slide-inner\"><img decoding=\"async\" class=\"swiper-slide-image\" src=\"https:\/\/alpenhof-wolayersee.at\/wp-content\/uploads\/Stabentheiner-323-768x1152.webp\" alt=\"Im Alpenhof Wolayersee verw\u00f6hnen wir unsere G\u00e4ste mit Trinkwasser aus unserer eigenen Quelle vom Plenge\" \/><\/figure><\/a><\/div>\t\t\t<\/div>\n\t\t\t\t\t\t\t\n\t\t\t\t\t\t\t\t\t<\/div>\n\t\t\t\t\t\t<\/div>\n\t\t\t\t<\/div>\n\t\t\t\t<\/div>\n\t\t<div class=\"elementor-element elementor-element-de69973 e-flex e-con-boxed e-con e-parent\" data-id=\"de69973\" data-element_type=\"container\" data-e-type=\"container\">\n\t\t\t\t\t<div class=\"e-con-inner\">\n\t\t\t\t<div class=\"elementor-element elementor-element-6e830c4 elementor-widget elementor-widget-text-editor\" data-id=\"6e830c4\" data-element_type=\"widget\" data-e-type=\"widget\" data-widget_type=\"text-editor.default\">\n\t\t\t\t<div class=\"elementor-widget-container\">\n\t\t\t\t\t\t\t\t\t<p>We offer our guests at Alpenhof Wolayersee both bed and breakfast and half board. Start your day with a rich breakfast buffet and enjoy our \u00e0 la carte selection at lunchtime between 11:30 a.m. and 01:30 p.m. . In the evening we also serve \u00e0 la carte dishes from 06:00 to 07:30 p.m. and for our half-board guests a delicious 3-course menu with salad buffet, which is extended to a 4-course menu twice a week.<\/p>\n<p>In our kitchen, we attach great importance to using regional products, which we mainly buy from local farmers. Let yourself be enchanted by our down-to-earth and creative dishes. Whether traditional regional delicacies or international specialties &#8211; we offer you culinary experiences that will make your vacation unforgettable.<\/p>\n\t\t\t\t\t\t\t\t<\/div>\n\t\t\t\t<\/div>\n\t\t\t\t\t<\/div>\n\t\t\t\t<\/div>\n\t\t<div class=\"elementor-element elementor-element-fff0361 e-con-full e-flex e-con e-parent\" data-id=\"fff0361\" data-element_type=\"container\" data-e-type=\"container\">\n\t\t<div class=\"elementor-element elementor-element-62384a8 e-con-full e-flex e-con e-child\" data-id=\"62384a8\" data-element_type=\"container\" data-e-type=\"container\">\n\t\t\t\t<div class=\"elementor-element elementor-element-2b02416 elementor-invisible elementor-widget elementor-widget-heading\" data-id=\"2b02416\" data-element_type=\"widget\" data-e-type=\"widget\" data-settings=\"{&quot;_animation&quot;:&quot;fadeInUp&quot;}\" data-widget_type=\"heading.default\">\n\t\t\t\t<div class=\"elementor-widget-container\">\n\t\t\t\t\t<h2 class=\"elementor-heading-title elementor-size-default\">Meal times<\/h2>\t\t\t\t<\/div>\n\t\t\t\t<\/div>\n\t\t\t\t<div class=\"elementor-element elementor-element-e0f138a elementor-widget elementor-widget-text-editor\" data-id=\"e0f138a\" data-element_type=\"widget\" data-e-type=\"widget\" data-widget_type=\"text-editor.default\">\n\t\t\t\t<div class=\"elementor-widget-container\">\n\t\t\t\t\t\t\t\t\t<p>In the morning: Breakfast buffet<\/p>\n<p>Lunch: 11:30 &#8211; 13:30 | \u00c0 la Carte<\/p>\n<p>Evening: 18:00 &#8211; 19:30 | \u00c0 la carte &amp; half-board menu<\/p>\n\t\t\t\t\t\t\t\t<\/div>\n\t\t\t\t<\/div>\n\t\t\t\t<div class=\"elementor-element elementor-element-fa7d4de elementor-widget-divider--view-line elementor-widget elementor-widget-divider\" data-id=\"fa7d4de\" data-element_type=\"widget\" data-e-type=\"widget\" data-widget_type=\"divider.default\">\n\t\t\t\t<div class=\"elementor-widget-container\">\n\t\t\t\t\t\t\t<div class=\"elementor-divider\">\n\t\t\t<span class=\"elementor-divider-separator\">\n\t\t\t\t\t\t<\/span>\n\t\t<\/div>\n\t\t\t\t\t\t<\/div>\n\t\t\t\t<\/div>\n\t\t\t\t<\/div>\n\t\t<div class=\"elementor-element elementor-element-8fc9552 e-con-full e-flex e-con e-child\" data-id=\"8fc9552\" data-element_type=\"container\" data-e-type=\"container\" data-settings=\"{&quot;background_background&quot;:&quot;classic&quot;}\">\n\t\t\t\t<\/div>\n\t\t\t\t<\/div>\n\t\t<div class=\"elementor-element elementor-element-9163ee2 e-con-full e-flex e-con e-parent\" data-id=\"9163ee2\" data-element_type=\"container\" data-e-type=\"container\">\n\t\t<div class=\"elementor-element elementor-element-9c17f4d e-con-full e-flex e-con e-child\" data-id=\"9c17f4d\" data-element_type=\"container\" data-e-type=\"container\" data-settings=\"{&quot;background_background&quot;:&quot;classic&quot;}\">\n\t\t\t\t<\/div>\n\t\t<div class=\"elementor-element elementor-element-15a9903 e-con-full e-flex e-con e-child\" data-id=\"15a9903\" data-element_type=\"container\" data-e-type=\"container\">\n\t\t\t\t<div class=\"elementor-element elementor-element-13a5813 elementor-invisible elementor-widget elementor-widget-heading\" data-id=\"13a5813\" data-element_type=\"widget\" data-e-type=\"widget\" data-settings=\"{&quot;_animation&quot;:&quot;fadeInUp&quot;}\" data-widget_type=\"heading.default\">\n\t\t\t\t<div class=\"elementor-widget-container\">\n\t\t\t\t\t<h2 class=\"elementor-heading-title elementor-size-default\">Herb garden<\/h2>\t\t\t\t<\/div>\n\t\t\t\t<\/div>\n\t\t\t\t<div class=\"elementor-element elementor-element-ed28974 elementor-widget elementor-widget-text-editor\" data-id=\"ed28974\" data-element_type=\"widget\" data-e-type=\"widget\" data-widget_type=\"text-editor.default\">\n\t\t\t\t<div class=\"elementor-widget-container\">\n\t\t\t\t\t\t\t\t\t<p>A special highlight of our house is our own vegetable and herb garden. The daily harvest of fresh herbs and Mediterranean spices allows us to refine every dish with volatile aromas and valuable essences. <\/p>\n\t\t\t\t\t\t\t\t<\/div>\n\t\t\t\t<\/div>\n\t\t\t\t<div class=\"elementor-element elementor-element-8d7ade4 elementor-widget-divider--view-line elementor-widget elementor-widget-divider\" data-id=\"8d7ade4\" data-element_type=\"widget\" data-e-type=\"widget\" data-widget_type=\"divider.default\">\n\t\t\t\t<div class=\"elementor-widget-container\">\n\t\t\t\t\t\t\t<div class=\"elementor-divider\">\n\t\t\t<span class=\"elementor-divider-separator\">\n\t\t\t\t\t\t<\/span>\n\t\t<\/div>\n\t\t\t\t\t\t<\/div>\n\t\t\t\t<\/div>\n\t\t\t\t<\/div>\n\t\t\t\t<\/div>\n\t\t\t\t<\/div>\n\t\t","protected":false},"excerpt":{"rendered":"<p>We offer our guests at Alpenhof Wolayersee both bed and breakfast and half board. Start your day with a rich breakfast buffet and enjoy our \u00e0 la carte selection at lunchtime between 11:30 a.m. and 01:30 p.m. . In the evening we also serve \u00e0 la carte dishes from 06:00 to 07:30 p.m. and for [&hellip;]<\/p>\n","protected":false},"author":3,"featured_media":0,"parent":0,"menu_order":0,"comment_status":"closed","ping_status":"closed","template":"","meta":{"_acf_changed":false,"footnotes":""},"class_list":["post-1535","page","type-page","status-publish","hentry"],"acf":[],"yoast_head":"<!-- This site is optimized with the Yoast SEO plugin v27.5 - https:\/\/yoast.com\/product\/yoast-seo-wordpress\/ -->\n<title>Culinarium - Alpenhof Wolayersee<\/title>\n<meta name=\"robots\" content=\"index, follow, max-snippet:-1, max-image-preview:large, max-video-preview:-1\" \/>\n<link rel=\"canonical\" href=\"https:\/\/alpenhof-wolayersee.at\/en\/culinarium\/\" \/>\n<meta property=\"og:locale\" content=\"en_US\" \/>\n<meta property=\"og:type\" content=\"article\" \/>\n<meta property=\"og:title\" content=\"Culinarium - Alpenhof Wolayersee\" \/>\n<meta property=\"og:description\" content=\"We offer our guests at Alpenhof Wolayersee both bed and breakfast and half board. Start your day with a rich breakfast buffet and enjoy our \u00e0 la carte selection at lunchtime between 11:30 a.m. and 01:30 p.m. . In the evening we also serve \u00e0 la carte dishes from 06:00 to 07:30 p.m. and for [&hellip;]\" \/>\n<meta property=\"og:url\" content=\"https:\/\/alpenhof-wolayersee.at\/en\/culinarium\/\" \/>\n<meta property=\"og:site_name\" content=\"Alpenhof Wolayersee\" \/>\n<meta property=\"article:publisher\" content=\"https:\/\/www.facebook.com\/profile.php?id=100040251500356\" \/>\n<meta property=\"article:modified_time\" content=\"2024-10-22T11:48:11+00:00\" \/>\n<meta property=\"og:image\" content=\"https:\/\/alpenhof-wolayersee.at\/wp-content\/uploads\/Stabentheiner-110-768x513.webp\" \/>\n<meta name=\"twitter:card\" content=\"summary_large_image\" \/>\n<meta name=\"twitter:label1\" content=\"Est. reading time\" \/>\n\t<meta name=\"twitter:data1\" content=\"1 minute\" \/>\n<script type=\"application\/ld+json\" class=\"yoast-schema-graph\">{\"@context\":\"https:\\\/\\\/schema.org\",\"@graph\":[{\"@type\":\"WebPage\",\"@id\":\"https:\\\/\\\/alpenhof-wolayersee.at\\\/en\\\/culinarium\\\/\",\"url\":\"https:\\\/\\\/alpenhof-wolayersee.at\\\/en\\\/culinarium\\\/\",\"name\":\"Culinarium - Alpenhof Wolayersee\",\"isPartOf\":{\"@id\":\"https:\\\/\\\/alpenhof-wolayersee.at\\\/en\\\/#website\"},\"primaryImageOfPage\":{\"@id\":\"https:\\\/\\\/alpenhof-wolayersee.at\\\/en\\\/culinarium\\\/#primaryimage\"},\"image\":{\"@id\":\"https:\\\/\\\/alpenhof-wolayersee.at\\\/en\\\/culinarium\\\/#primaryimage\"},\"thumbnailUrl\":\"https:\\\/\\\/alpenhof-wolayersee.at\\\/wp-content\\\/uploads\\\/Stabentheiner-110-768x513.webp\",\"datePublished\":\"2024-04-22T07:01:46+00:00\",\"dateModified\":\"2024-10-22T11:48:11+00:00\",\"breadcrumb\":{\"@id\":\"https:\\\/\\\/alpenhof-wolayersee.at\\\/en\\\/culinarium\\\/#breadcrumb\"},\"inLanguage\":\"en-US\",\"potentialAction\":[{\"@type\":\"ReadAction\",\"target\":[\"https:\\\/\\\/alpenhof-wolayersee.at\\\/en\\\/culinarium\\\/\"]}]},{\"@type\":\"ImageObject\",\"inLanguage\":\"en-US\",\"@id\":\"https:\\\/\\\/alpenhof-wolayersee.at\\\/en\\\/culinarium\\\/#primaryimage\",\"url\":\"https:\\\/\\\/alpenhof-wolayersee.at\\\/wp-content\\\/uploads\\\/Stabentheiner-110-768x513.webp\",\"contentUrl\":\"https:\\\/\\\/alpenhof-wolayersee.at\\\/wp-content\\\/uploads\\\/Stabentheiner-110-768x513.webp\"},{\"@type\":\"BreadcrumbList\",\"@id\":\"https:\\\/\\\/alpenhof-wolayersee.at\\\/en\\\/culinarium\\\/#breadcrumb\",\"itemListElement\":[{\"@type\":\"ListItem\",\"position\":1,\"name\":\"Startseite\",\"item\":\"https:\\\/\\\/alpenhof-wolayersee.at\\\/en\\\/\"},{\"@type\":\"ListItem\",\"position\":2,\"name\":\"Culinarium\"}]},{\"@type\":\"WebSite\",\"@id\":\"https:\\\/\\\/alpenhof-wolayersee.at\\\/en\\\/#website\",\"url\":\"https:\\\/\\\/alpenhof-wolayersee.at\\\/en\\\/\",\"name\":\"Alpenhof Wolayersee\",\"description\":\"Das ideale Hotel f\u00fcr Familien- &amp; Aktivurlaub im Lesachtal in K\u00e4rnten. \",\"publisher\":{\"@id\":\"https:\\\/\\\/alpenhof-wolayersee.at\\\/en\\\/#organization\"},\"potentialAction\":[{\"@type\":\"SearchAction\",\"target\":{\"@type\":\"EntryPoint\",\"urlTemplate\":\"https:\\\/\\\/alpenhof-wolayersee.at\\\/en\\\/?s={search_term_string}\"},\"query-input\":{\"@type\":\"PropertyValueSpecification\",\"valueRequired\":true,\"valueName\":\"search_term_string\"}}],\"inLanguage\":\"en-US\"},{\"@type\":\"Organization\",\"@id\":\"https:\\\/\\\/alpenhof-wolayersee.at\\\/en\\\/#organization\",\"name\":\"Alpenhof Wolayersee\",\"url\":\"https:\\\/\\\/alpenhof-wolayersee.at\\\/en\\\/\",\"logo\":{\"@type\":\"ImageObject\",\"inLanguage\":\"en-US\",\"@id\":\"https:\\\/\\\/alpenhof-wolayersee.at\\\/en\\\/#\\\/schema\\\/logo\\\/image\\\/\",\"url\":\"https:\\\/\\\/alpenhof-wolayersee.at\\\/wp-content\\\/uploads\\\/Alpenhof-Wolayersee_Logo-Website-04.png\",\"contentUrl\":\"https:\\\/\\\/alpenhof-wolayersee.at\\\/wp-content\\\/uploads\\\/Alpenhof-Wolayersee_Logo-Website-04.png\",\"width\":1281,\"height\":656,\"caption\":\"Alpenhof Wolayersee\"},\"image\":{\"@id\":\"https:\\\/\\\/alpenhof-wolayersee.at\\\/en\\\/#\\\/schema\\\/logo\\\/image\\\/\"},\"sameAs\":[\"https:\\\/\\\/www.facebook.com\\\/profile.php?id=100040251500356\",\"https:\\\/\\\/www.instagram.com\\\/alpenhof_wolayersee\\\/\"]}]}<\/script>\n<!-- \/ Yoast SEO plugin. -->","yoast_head_json":{"title":"Culinarium - Alpenhof Wolayersee","robots":{"index":"index","follow":"follow","max-snippet":"max-snippet:-1","max-image-preview":"max-image-preview:large","max-video-preview":"max-video-preview:-1"},"canonical":"https:\/\/alpenhof-wolayersee.at\/en\/culinarium\/","og_locale":"en_US","og_type":"article","og_title":"Culinarium - Alpenhof Wolayersee","og_description":"We offer our guests at Alpenhof Wolayersee both bed and breakfast and half board. Start your day with a rich breakfast buffet and enjoy our \u00e0 la carte selection at lunchtime between 11:30 a.m. and 01:30 p.m. . In the evening we also serve \u00e0 la carte dishes from 06:00 to 07:30 p.m. and for [&hellip;]","og_url":"https:\/\/alpenhof-wolayersee.at\/en\/culinarium\/","og_site_name":"Alpenhof Wolayersee","article_publisher":"https:\/\/www.facebook.com\/profile.php?id=100040251500356","article_modified_time":"2024-10-22T11:48:11+00:00","og_image":[{"url":"https:\/\/alpenhof-wolayersee.at\/wp-content\/uploads\/Stabentheiner-110-768x513.webp","type":"","width":"","height":""}],"twitter_card":"summary_large_image","twitter_misc":{"Est. reading time":"1 minute"},"schema":{"@context":"https:\/\/schema.org","@graph":[{"@type":"WebPage","@id":"https:\/\/alpenhof-wolayersee.at\/en\/culinarium\/","url":"https:\/\/alpenhof-wolayersee.at\/en\/culinarium\/","name":"Culinarium - Alpenhof Wolayersee","isPartOf":{"@id":"https:\/\/alpenhof-wolayersee.at\/en\/#website"},"primaryImageOfPage":{"@id":"https:\/\/alpenhof-wolayersee.at\/en\/culinarium\/#primaryimage"},"image":{"@id":"https:\/\/alpenhof-wolayersee.at\/en\/culinarium\/#primaryimage"},"thumbnailUrl":"https:\/\/alpenhof-wolayersee.at\/wp-content\/uploads\/Stabentheiner-110-768x513.webp","datePublished":"2024-04-22T07:01:46+00:00","dateModified":"2024-10-22T11:48:11+00:00","breadcrumb":{"@id":"https:\/\/alpenhof-wolayersee.at\/en\/culinarium\/#breadcrumb"},"inLanguage":"en-US","potentialAction":[{"@type":"ReadAction","target":["https:\/\/alpenhof-wolayersee.at\/en\/culinarium\/"]}]},{"@type":"ImageObject","inLanguage":"en-US","@id":"https:\/\/alpenhof-wolayersee.at\/en\/culinarium\/#primaryimage","url":"https:\/\/alpenhof-wolayersee.at\/wp-content\/uploads\/Stabentheiner-110-768x513.webp","contentUrl":"https:\/\/alpenhof-wolayersee.at\/wp-content\/uploads\/Stabentheiner-110-768x513.webp"},{"@type":"BreadcrumbList","@id":"https:\/\/alpenhof-wolayersee.at\/en\/culinarium\/#breadcrumb","itemListElement":[{"@type":"ListItem","position":1,"name":"Startseite","item":"https:\/\/alpenhof-wolayersee.at\/en\/"},{"@type":"ListItem","position":2,"name":"Culinarium"}]},{"@type":"WebSite","@id":"https:\/\/alpenhof-wolayersee.at\/en\/#website","url":"https:\/\/alpenhof-wolayersee.at\/en\/","name":"Alpenhof Wolayersee","description":"Das ideale Hotel f\u00fcr Familien- &amp; Aktivurlaub im Lesachtal in K\u00e4rnten. ","publisher":{"@id":"https:\/\/alpenhof-wolayersee.at\/en\/#organization"},"potentialAction":[{"@type":"SearchAction","target":{"@type":"EntryPoint","urlTemplate":"https:\/\/alpenhof-wolayersee.at\/en\/?s={search_term_string}"},"query-input":{"@type":"PropertyValueSpecification","valueRequired":true,"valueName":"search_term_string"}}],"inLanguage":"en-US"},{"@type":"Organization","@id":"https:\/\/alpenhof-wolayersee.at\/en\/#organization","name":"Alpenhof Wolayersee","url":"https:\/\/alpenhof-wolayersee.at\/en\/","logo":{"@type":"ImageObject","inLanguage":"en-US","@id":"https:\/\/alpenhof-wolayersee.at\/en\/#\/schema\/logo\/image\/","url":"https:\/\/alpenhof-wolayersee.at\/wp-content\/uploads\/Alpenhof-Wolayersee_Logo-Website-04.png","contentUrl":"https:\/\/alpenhof-wolayersee.at\/wp-content\/uploads\/Alpenhof-Wolayersee_Logo-Website-04.png","width":1281,"height":656,"caption":"Alpenhof Wolayersee"},"image":{"@id":"https:\/\/alpenhof-wolayersee.at\/en\/#\/schema\/logo\/image\/"},"sameAs":["https:\/\/www.facebook.com\/profile.php?id=100040251500356","https:\/\/www.instagram.com\/alpenhof_wolayersee\/"]}]}},"_links":{"self":[{"href":"https:\/\/alpenhof-wolayersee.at\/en\/wp-json\/wp\/v2\/pages\/1535","targetHints":{"allow":["GET"]}}],"collection":[{"href":"https:\/\/alpenhof-wolayersee.at\/en\/wp-json\/wp\/v2\/pages"}],"about":[{"href":"https:\/\/alpenhof-wolayersee.at\/en\/wp-json\/wp\/v2\/types\/page"}],"author":[{"embeddable":true,"href":"https:\/\/alpenhof-wolayersee.at\/en\/wp-json\/wp\/v2\/users\/3"}],"replies":[{"embeddable":true,"href":"https:\/\/alpenhof-wolayersee.at\/en\/wp-json\/wp\/v2\/comments?post=1535"}],"version-history":[{"count":0,"href":"https:\/\/alpenhof-wolayersee.at\/en\/wp-json\/wp\/v2\/pages\/1535\/revisions"}],"wp:attachment":[{"href":"https:\/\/alpenhof-wolayersee.at\/en\/wp-json\/wp\/v2\/media?parent=1535"}],"curies":[{"name":"wp","href":"https:\/\/api.w.org\/{rel}","templated":true}]}}